{"id":5422,"date":"2025-03-24T11:22:24","date_gmt":"2025-03-24T17:22:24","guid":{"rendered":"https:\/\/veteran-affairs-louisiana.local\/?post_type=personnel&#038;p=5422"},"modified":"2026-03-13T15:03:14","modified_gmt":"2026-03-13T20:03:14","slug":"matthew-duhon","status":"publish","type":"personnel","link":"https:\/\/vetaffairs.la.gov\/pt\/personnel\/matthew-duhon","title":{"rendered":"Mateus Duhon"},"content":{"rendered":"<p>Matthew Duhon foi promovido a Subsecret\u00e1rio Adjunto 3 do Departamento de Assuntos de Veteranos da Louisiana em 1\u00ba de abril de 2022. Nessa fun\u00e7\u00e3o, Duhon supervisiona todas as cinco Casas de Veteranos da Louisiana. As cinco Casas de Veteranos s\u00e3o instala\u00e7\u00f5es de \u00faltima gera\u00e7\u00e3o que oferecem assist\u00eancia m\u00e9dica de qualidade para veteranos da Louisiana em todo o estado, com unidades em Bossier City, Monroe, Jackson, Jennings e Reserve. Antes de assumir o cargo de Subsecret\u00e1rio Adjunto, Duhon iniciou sua carreira no LDVA em 9 de mar\u00e7o de 2009 como Administrador da Casa de Veteranos do Sudoeste da Louisiana em Jennings. Duhon tem mais de 30 anos de experi\u00eancia na \u00e1rea da sa\u00fade em institui\u00e7\u00f5es de longa perman\u00eancia. Duhon reside em Jennings, Louisiana, \u00e9 casado com Rachael L. Duhon h\u00e1 34 anos e eles t\u00eam dois filhos.<\/p>\r\n\r\n\r\n\r\n<p><strong>Educa\u00e7\u00e3o<\/strong><\/p>\r\n\r\n\r\n\r\n<p>Formado em 2023: Mestrado em Administra\u00e7\u00e3o de Empresas, m\u00e9dia geral de 3,7, Universidade da Louisiana em Lafayette<\/p>\r\n\r\n\r\n\r\n<p>Gradua\u00e7\u00e3o em 1993: Certifica\u00e7\u00e3o em Gest\u00e3o de Nutri\u00e7\u00e3o pela Universidade da Fl\u00f3rida.<\/p>\r\n\r\n\r\n\r\n<p>Bacharelado em Administra\u00e7\u00e3o Institucional (1991) pela Universidade do Sudoeste da Louisiana, com est\u00e1gio no Hilton de Lafayette.<\/p>\r\n\r\n\r\n\r\n<p><strong>Militares<\/strong><\/p>\r\n\r\n\r\n\r\n<p>1985 \u2013 1993 Guarda Nacional do Ex\u00e9rcito da Louisiana<\/p>\r\n\r\n\r\n\r\n<ul class=\"wp-block-list\">\r\n<li>Treinamento Individual Avan\u00e7ado em Fort Benning, Ge\u00f3rgia<\/li>\r\n\r\n\r\n\r\n<li>Curso de Desenvolvimento de Lideran\u00e7a Prim\u00e1ria no Acampamento Beuraguard<\/li>\r\n\r\n\r\n\r\n<li>Opera\u00e7\u00e3o Tempestade no Deserto: Baixa Honrosa como Sargento E-5<\/li>\r\n<\/ul>\r\n\r\n\r\n\r\n<p><strong>Empregos anteriores<\/strong><\/p>\r\n\r\n\r\n\r\n<p>2009 \u2013 2022 Lar de Veteranos do Sudoeste da Louisiana \u2013 Instala\u00e7\u00e3o<\/p>\r\n\r\n\r\n\r\n<p>Administrador<\/p>\r\n\r\n\r\n\r\n<ul class=\"wp-block-list\">\r\n<li>2006 \u2013 2009 Gueydan Memorial Guest Home - Administrador da Unidade<\/li>\r\n\r\n\r\n\r\n<li>2003 \u2013 2006 Administrador do Savoy Care Center \u2013 Administrador da Unidade<\/li>\r\n\r\n\r\n\r\n<li>1992 \u2013 2003 Lar de H\u00f3spedes Memorial Gueydan \u2013 Administrador Assistente<\/li>\r\n\r\n\r\n\r\n<li>1991 \u2013 1992 Cafeteria Piccadilly \u2013 Gerente Assistente de Controle de Qualidade<\/li>\r\n<\/ul>\r\n\r\n\r\n\r\n<p><strong>Comunidade<\/strong><\/p>\r\n\r\n\r\n\r\n<ul class=\"wp-block-list\">\r\n<li>Ex-comandante do Posto 19 da Legi\u00e3o Americana<\/li>\r\n\r\n\r\n\r\n<li>Membro dos Cavaleiros de Colombo de 2012<\/li>\r\n\r\n\r\n\r\n<li>Leitor na Igreja Nossa Senhora Auxiliadora dos Crist\u00e3os<\/li>\r\n<\/ul>\r\n\r\n\r\n\r\n<p>&nbsp;<\/p>","protected":false},"featured_media":5478,"template":"","meta":{"_acf_changed":false,"_links_to":"","_links_to_target":""},"class_list":["post-5422","personnel","type-personnel","status-publish","has-post-thumbnail","hentry"],"acf":[],"_links":{"self":[{"href":"https:\/\/vetaffairs.la.gov\/pt\/wp-json\/wp\/v2\/personnel\/5422","targetHints":{"allow":["GET"]}}],"collection":[{"href":"https:\/\/vetaffairs.la.gov\/pt\/wp-json\/wp\/v2\/personnel"}],"about":[{"href":"https:\/\/vetaffairs.la.gov\/pt\/wp-json\/wp\/v2\/types\/personnel"}],"version-history":[{"count":0,"href":"https:\/\/vetaffairs.la.gov\/pt\/wp-json\/wp\/v2\/personnel\/5422\/revisions"}],"wp:featuredmedia":[{"embeddable":true,"href":"https:\/\/vetaffairs.la.gov\/pt\/wp-json\/wp\/v2\/media\/5478"}],"wp:attachment":[{"href":"https:\/\/vetaffairs.la.gov\/pt\/wp-json\/wp\/v2\/media?parent=5422"}],"curies":[{"name":"wp","href":"https:\/\/api.w.org\/{rel}","templated":true}]}}