{"id":72,"date":"2025-02-24T15:46:19","date_gmt":"2025-02-24T21:46:19","guid":{"rendered":"https:\/\/veteran-affairs-louisiana.local\/?page_id=72"},"modified":"2026-04-06T16:23:58","modified_gmt":"2026-04-06T21:23:58","slug":"cemiterio-de-veteranos-do-sudoeste-da-louisiana","status":"publish","type":"page","link":"https:\/\/vetaffairs.la.gov\/pt\/cemeteries\/southwest-louisiana-veterans-cemetery","title":{"rendered":"Cemit\u00e9rio de Veteranos do Sudoeste da Louisiana"},"content":{"rendered":"<div data-elementor-type=\"wp-page\" data-elementor-id=\"72\" class=\"elementor elementor-72\" data-elementor-post-type=\"page\">\n\t\t\t\t<div class=\"elementor-element elementor-element-fe56b53 e-flex e-con-boxed e-con e-parent\" data-id=\"fe56b53\" data-element_type=\"container\">\n\t\t\t\t\t<div class=\"e-con-inner\">\n\t\t\t\t<div class=\"elementor-element elementor-element-289cd78 intro elementor-widget elementor-widget-text-editor\" data-id=\"289cd78\" data-element_type=\"widget\" data-widget_type=\"text-editor.default\">\n\t\t\t\t<div class=\"elementor-widget-container\">\n\t\t\t\t\t\t\t\t\t<p>O Cemit\u00e9rio de Veteranos do Sudoeste da Louisiana ocupa 20 acres atr\u00e1s do Lar de Veteranos do Sudoeste da Louisiana* e \u00e9 o \u00fanico cemit\u00e9rio situado em terrenos cont\u00edguos. Atualmente, aproximadamente 10 acres est\u00e3o em uso, com v\u00e1rias fases adicionais planejadas para os 10 acres restantes.<\/p><p>O Departamento de Assuntos de Veteranos da Louisiana iniciou a constru\u00e7\u00e3o do cemit\u00e9rio em novembro de 2018 e, em 6 de mar\u00e7o de 2020, ele foi inaugurado pelo ent\u00e3o secret\u00e1rio Joey Strickland. Em 7 de maio de 2020, o sargento da Marinha Ted Cox Sr. foi o primeiro a ser sepultado, e a primeira cerim\u00f4nia de despedida foi realizada em 11 de junho de 2020 para o soldado do Ex\u00e9rcito Ed Gary.<\/p><p>Dwayne Guidry, o primeiro diretor do cemit\u00e9rio, era apaixonado por servir ao pr\u00f3ximo, especialmente em sua fun\u00e7\u00e3o de garantir que ele e sua equipe proporcionassem um local de descanso eterno digno a todos os ali sepultados. Dwayne faleceu em fevereiro de 2025 e agora repousa no mesmo cemit\u00e9rio que tanto defendeu. Seu trabalho no LDVA foi precedido por tr\u00eas anos na Divis\u00e3o de Infantaria da Guarda Nacional do Ex\u00e9rcito da Louisiana. Ele serviu por mais 24 anos no Ex\u00e9rcito dos EUA, especializando-se como t\u00e9cnico em eletr\u00f4nica para intelig\u00eancia militar e alcan\u00e7ando a patente de Subtenente IV. Sua carreira na ativa o levou a tr\u00eas miss\u00f5es de combate, incluindo a Opera\u00e7\u00e3o Tempestade no Deserto, a Opera\u00e7\u00e3o Liberdade do Iraque e a Opera\u00e7\u00e3o Liberdade Duradoura.<\/p>\t\t\t\t\t\t\t\t<\/div>\n\t\t\t\t<\/div>\n\t\t\t\t<div class=\"elementor-element elementor-element-d78bc7d photo-gallery elementor-widget elementor-widget-gallery\" data-id=\"d78bc7d\" data-element_type=\"widget\" data-settings=\"{&quot;columns&quot;:3,&quot;gap&quot;:{&quot;unit&quot;:&quot;px&quot;,&quot;size&quot;:15,&quot;sizes&quot;:[]},&quot;gap_tablet&quot;:{&quot;unit&quot;:&quot;px&quot;,&quot;size&quot;:15,&quot;sizes&quot;:[]},&quot;gap_mobile&quot;:{&quot;unit&quot;:&quot;px&quot;,&quot;size&quot;:15,&quot;sizes&quot;:[]},&quot;columns_tablet&quot;:3,&quot;lazyload&quot;:&quot;yes&quot;,&quot;gallery_layout&quot;:&quot;grid&quot;,&quot;columns_mobile&quot;:1,&quot;link_to&quot;:&quot;file&quot;,&quot;aspect_ratio&quot;:&quot;3:2&quot;,&quot;content_hover_animation&quot;:&quot;fade-in&quot;}\" data-widget_type=\"gallery.default\">\n\t\t\t\t<div class=\"elementor-widget-container\">\n\t\t\t\t\t\t\t<div class=\"elementor-gallery__container\">\n\t\t\t\t\t\t\t<a class=\"e-gallery-item elementor-gallery-item elementor-animated-content\" href=\"https:\/\/vetaffairs.la.gov\/wp-content\/uploads\/2025\/06\/LDVA-cemetary-jennings-03.webp\" data-elementor-open-lightbox=\"yes\" data-elementor-lightbox-slideshow=\"d78bc7d\" data-e-action-hash=\"#elementor-action%3Aaction%3Dlightbox%26settings%3DeyJpZCI6NjA2NiwidXJsIjoiaHR0cHM6XC9cL3ZldGFmZmFpcnMubGEuZ292XC93cC1jb250ZW50XC91cGxvYWRzXC8yMDI1XC8wNlwvTERWQS1jZW1ldGFyeS1qZW5uaW5ncy0wMy53ZWJwIiwic2xpZGVzaG93IjoiZDc4YmM3ZCJ9\">\n\t\t\t\t\t<div class=\"e-gallery-image elementor-gallery-item__image\" data-thumbnail=\"https:\/\/vetaffairs.la.gov\/wp-content\/uploads\/2025\/06\/LDVA-cemetary-jennings-03.webp\" data-width=\"1200\" data-height=\"800\" aria-label=\"Placa do Cemit\u00e9rio de Veteranos de Jennings\" role=\"img\" ><\/div>\n\t\t\t\t\t\t\t\t\t\t\t\t\t\t<\/a>\n\t\t\t\t\t\t\t<a class=\"e-gallery-item elementor-gallery-item elementor-animated-content\" href=\"https:\/\/vetaffairs.la.gov\/wp-content\/uploads\/2025\/06\/LDVA-cemetary-jennings-02.webp\" data-elementor-open-lightbox=\"yes\" data-elementor-lightbox-slideshow=\"d78bc7d\" data-e-action-hash=\"#elementor-action%3Aaction%3Dlightbox%26settings%3DeyJpZCI6NjA2NSwidXJsIjoiaHR0cHM6XC9cL3ZldGFmZmFpcnMubGEuZ292XC93cC1jb250ZW50XC91cGxvYWRzXC8yMDI1XC8wNlwvTERWQS1jZW1ldGFyeS1qZW5uaW5ncy0wMi53ZWJwIiwic2xpZGVzaG93IjoiZDc4YmM3ZCJ9\">\n\t\t\t\t\t<div class=\"e-gallery-image elementor-gallery-item__image\" data-thumbnail=\"https:\/\/vetaffairs.la.gov\/wp-content\/uploads\/2025\/06\/LDVA-cemetary-jennings-02.webp\" data-width=\"1200\" data-height=\"800\" aria-label=\"Columb\u00e1rio do Cemit\u00e9rio de Veteranos de Jennings\" role=\"img\" ><\/div>\n\t\t\t\t\t\t\t\t\t\t\t\t\t\t<\/a>\n\t\t\t\t\t\t\t<a class=\"e-gallery-item elementor-gallery-item elementor-animated-content\" href=\"https:\/\/vetaffairs.la.gov\/wp-content\/uploads\/2025\/06\/LDVA-cemetary-jennings-05.webp\" data-elementor-open-lightbox=\"yes\" data-elementor-lightbox-slideshow=\"d78bc7d\" data-e-action-hash=\"#elementor-action%3Aaction%3Dlightbox%26settings%3DeyJpZCI6NjA2OCwidXJsIjoiaHR0cHM6XC9cL3ZldGFmZmFpcnMubGEuZ292XC93cC1jb250ZW50XC91cGxvYWRzXC8yMDI1XC8wNlwvTERWQS1jZW1ldGFyeS1qZW5uaW5ncy0wNS53ZWJwIiwic2xpZGVzaG93IjoiZDc4YmM3ZCJ9\">\n\t\t\t\t\t<div class=\"e-gallery-image elementor-gallery-item__image\" data-thumbnail=\"https:\/\/vetaffairs.la.gov\/wp-content\/uploads\/2025\/06\/LDVA-cemetary-jennings-05.webp\" data-width=\"1200\" data-height=\"800\" aria-label=\"Bancos do Cemit\u00e9rio de Veteranos de Jennings\" role=\"img\" ><\/div>\n\t\t\t\t\t\t\t\t\t\t\t\t\t\t<\/a>\n\t\t\t\t\t\t\t<a class=\"e-gallery-item elementor-gallery-item elementor-animated-content\" href=\"https:\/\/vetaffairs.la.gov\/wp-content\/uploads\/2025\/06\/LDVA-cemetary-jennings-04.webp\" data-elementor-open-lightbox=\"yes\" data-elementor-lightbox-slideshow=\"d78bc7d\" data-e-action-hash=\"#elementor-action%3Aaction%3Dlightbox%26settings%3DeyJpZCI6NjA2NywidXJsIjoiaHR0cHM6XC9cL3ZldGFmZmFpcnMubGEuZ292XC93cC1jb250ZW50XC91cGxvYWRzXC8yMDI1XC8wNlwvTERWQS1jZW1ldGFyeS1qZW5uaW5ncy0wNC53ZWJwIiwic2xpZGVzaG93IjoiZDc4YmM3ZCJ9\">\n\t\t\t\t\t<div class=\"e-gallery-image elementor-gallery-item__image\" data-thumbnail=\"https:\/\/vetaffairs.la.gov\/wp-content\/uploads\/2025\/06\/LDVA-cemetary-jennings-04.webp\" data-width=\"1200\" data-height=\"800\" aria-label=\"L\u00e1pides do Cemit\u00e9rio de Veteranos de Jennings\" role=\"img\" ><\/div>\n\t\t\t\t\t\t\t\t\t\t\t\t\t\t<\/a>\n\t\t\t\t\t\t\t<a class=\"e-gallery-item elementor-gallery-item elementor-animated-content\" href=\"https:\/\/vetaffairs.la.gov\/wp-content\/uploads\/2025\/06\/LDVA-cemetary-jennings-01.webp\" data-elementor-open-lightbox=\"yes\" data-elementor-lightbox-slideshow=\"d78bc7d\" data-e-action-hash=\"#elementor-action%3Aaction%3Dlightbox%26settings%3DeyJpZCI6NjA2NCwidXJsIjoiaHR0cHM6XC9cL3ZldGFmZmFpcnMubGEuZ292XC93cC1jb250ZW50XC91cGxvYWRzXC8yMDI1XC8wNlwvTERWQS1jZW1ldGFyeS1qZW5uaW5ncy0wMS53ZWJwIiwic2xpZGVzaG93IjoiZDc4YmM3ZCJ9\">\n\t\t\t\t\t<div class=\"e-gallery-image elementor-gallery-item__image\" data-thumbnail=\"https:\/\/vetaffairs.la.gov\/wp-content\/uploads\/2025\/06\/LDVA-cemetary-jennings-01.webp\" data-width=\"1200\" data-height=\"800\" aria-label=\"Escrit\u00f3rio do Cemit\u00e9rio de Veteranos de Jennings\" role=\"img\" ><\/div>\n\t\t\t\t\t\t\t\t\t\t\t\t\t\t<\/a>\n\t\t\t\t\t\t\t<a class=\"e-gallery-item elementor-gallery-item elementor-animated-content\" href=\"https:\/\/vetaffairs.la.gov\/wp-content\/uploads\/2025\/06\/LDVA-cemetary-jennings-TombstoneWithFlowers_horizontal.webp\" data-elementor-open-lightbox=\"yes\" data-elementor-lightbox-slideshow=\"d78bc7d\" data-e-action-hash=\"#elementor-action%3Aaction%3Dlightbox%26settings%3DeyJpZCI6NjE0MSwidXJsIjoiaHR0cHM6XC9cL3ZldGFmZmFpcnMubGEuZ292XC93cC1jb250ZW50XC91cGxvYWRzXC8yMDI1XC8wNlwvTERWQS1jZW1ldGFyeS1qZW5uaW5ncy1Ub21ic3RvbmVXaXRoRmxvd2Vyc19ob3Jpem9udGFsLndlYnAiLCJzbGlkZXNob3ciOiJkNzhiYzdkIn0%3D\">\n\t\t\t\t\t<div class=\"e-gallery-image elementor-gallery-item__image\" data-thumbnail=\"https:\/\/vetaffairs.la.gov\/wp-content\/uploads\/2025\/06\/LDVA-cemetary-jennings-TombstoneWithFlowers_horizontal.webp\" data-width=\"1200\" data-height=\"800\" aria-label=\"L\u00e1pide do Cemit\u00e9rio de Veteranos de Jennings\" role=\"img\" ><\/div>\n\t\t\t\t\t\t\t\t\t\t\t\t\t\t<\/a>\n\t\t\t\t\t<\/div>\n\t\t\t\t\t<\/div>\n\t\t\t\t<\/div>\n\t\t\t\t<div class=\"elementor-element elementor-element-4c34773 intro elementor-widget elementor-widget-text-editor\" data-id=\"4c34773\" data-element_type=\"widget\" data-widget_type=\"text-editor.default\">\n\t\t\t\t<div class=\"elementor-widget-container\">\n\t\t\t\t\t\t\t\t\t<h2>Verificar elegibilidade<\/h2><p>H\u00e1 <a href=\"\/pt\/cemiterios\/#eligibility\">informa\u00e7\u00f5es sobre elegibilidade<\/a> Dispon\u00edvel na nossa p\u00e1gina principal de cemit\u00e9rios. Se desejar verificar a sua elegibilidade para ser sepultado no nosso cemit\u00e9rio, preencha o formul\u00e1rio. <a href=\"\/pt\/pedido-de-sepultamento-antecipado\/\">Envie o pedido de pr\u00e9-necessidade.<\/a>.<\/p>\t\t\t\t\t\t\t\t<\/div>\n\t\t\t\t<\/div>\n\t\t\t\t<div class=\"elementor-element elementor-element-ef61491 intro elementor-widget elementor-widget-text-editor\" data-id=\"ef61491\" data-element_type=\"widget\" data-widget_type=\"text-editor.default\">\n\t\t\t\t<div class=\"elementor-widget-container\">\n\t\t\t\t\t\t\t\t\t<h2>Agendar um enterro<\/h2><p>H\u00e1 informa\u00e7\u00f5es abaixo. <a href=\"\/pt\/cemiterios\/#burial-services\">servi\u00e7os funer\u00e1rios<\/a> Dispon\u00edvel na nossa p\u00e1gina principal de cemit\u00e9rios. Se desejar ser sepultado em nosso cemit\u00e9rio, preencha o formul\u00e1rio e <a href=\"\/pt\/pedido-de-sepultamento-antecipado\/\">apresentar o pedido de sepultamento<\/a>.<\/p>\t\t\t\t\t\t\t\t<\/div>\n\t\t\t\t<\/div>\n\t\t\t\t<div class=\"elementor-element elementor-element-0c4f4f5 intro elementor-widget elementor-widget-text-editor\" data-id=\"0c4f4f5\" data-element_type=\"widget\" data-widget_type=\"text-editor.default\">\n\t\t\t\t<div class=\"elementor-widget-container\">\n\t\t\t\t\t\t\t\t\t<h2>Eventos<\/h2><p>13 de dezembro: Dia das Coroas de Flores pela Am\u00e9rica<\/p>\t\t\t\t\t\t\t\t<\/div>\n\t\t\t\t<\/div>\n\t\t\t\t<div class=\"elementor-element elementor-element-c956925 intro elementor-widget elementor-widget-text-editor\" data-id=\"c956925\" data-element_type=\"widget\" data-widget_type=\"text-editor.default\">\n\t\t\t\t<div class=\"elementor-widget-container\">\n\t\t\t\t\t\t\t\t\t<h2>Como ajudar<\/h2><p>Agradecemos a presen\u00e7a de volunt\u00e1rios que desejam homenagear nossos veteranos, ajudando a manter a dignidade do nosso cemit\u00e9rio. A ajuda de volunt\u00e1rios \u00e9 especialmente bem-vinda em dias de eventos como o Dia da Mem\u00f3ria e <a href=\"https:\/\/www.wreathsacrossamerica.org\/\" target=\"_blank\" rel=\"noopener\">Dia das Coroas de Flores pela Am\u00e9rica<\/a>, Onde ajuda extra torna essas cerim\u00f4nias importantes poss\u00edveis. Tamb\u00e9m aceitamos volunt\u00e1rios durante a semana para auxiliar em tarefas como limpeza de l\u00e1pides, plantio de flores, capina e manuten\u00e7\u00e3o geral do terreno. Entre em contato conosco para saber como voc\u00ea pode ajudar.<\/p>\t\t\t\t\t\t\t\t<\/div>\n\t\t\t\t<\/div>\n\t\t\t\t<div class=\"elementor-element elementor-element-01aa858 intro elementor-widget elementor-widget-text-editor\" data-id=\"01aa858\" data-element_type=\"widget\" data-widget_type=\"text-editor.default\">\n\t\t\t\t<div class=\"elementor-widget-container\">\n\t\t\t\t\t\t\t\t\t<h2>Hor\u00e1rio de funcionamento<\/h2><p>Hor\u00e1rio de atendimento: Segunda a sexta, das 8h \u00e0s 16h30.<br \/>Hor\u00e1rio de funcionamento: Do amanhecer ao anoitecer, diariamente.<\/p><p>Se tivemos a honra de cuidar de seu ente querido, <a href=\"\/pt\/opiniao\/?service=Veteran Cemeteries&amp;cemetery=Southwest Louisiana Veterans Cemetery - Jennings, LA\">Por favor, deixe seu feedback aqui.<\/a>.<\/p>\t\t\t\t\t\t\t\t<\/div>\n\t\t\t\t<\/div>\n\t\t\t\t<div class=\"elementor-element elementor-element-66fd79f elementor-widget elementor-widget-heading\" data-id=\"66fd79f\" data-element_type=\"widget\" data-widget_type=\"heading.default\">\n\t\t\t\t<div class=\"elementor-widget-container\">\n\t\t\t\t\t<h2 class=\"elementor-heading-title elementor-size-default\">Contate-nos<\/h2>\t\t\t\t<\/div>\n\t\t\t\t<\/div>\n\t\t\t\t<div class=\"elementor-element elementor-element-5921fd1 intro elementor-widget elementor-widget-text-editor\" data-id=\"5921fd1\" data-element_type=\"widget\" data-widget_type=\"text-editor.default\">\n\t\t\t\t<div class=\"elementor-widget-container\">\n\t\t\t\t\t\t\t\t\t<p>Sue Daggett, Diretora<br \/>Jesecca Creger, Coordenadora Administrativa<\/p>\t\t\t\t\t\t\t\t<\/div>\n\t\t\t\t<\/div>\n\t\t\t\t<div class=\"elementor-element elementor-element-dbcf456 elementor-list-item-link-full_width elementor-widget elementor-widget-icon-list\" data-id=\"dbcf456\" data-element_type=\"widget\" data-widget_type=\"icon-list.default\">\n\t\t\t\t<div class=\"elementor-widget-container\">\n\t\t\t\t\t\t\t<ul class=\"elementor-icon-list-items\">\n\t\t\t\t\t\t\t<li class=\"elementor-icon-list-item\">\n\t\t\t\t\t\t\t\t\t\t\t<span class=\"elementor-icon-list-icon\">\n\t\t\t\t\t\t\t<svg aria-hidden=\"true\" class=\"e-font-icon-svg e-fas-map-marker-alt\" viewbox=\"0 0 384 512\" xmlns=\"http:\/\/www.w3.org\/2000\/svg\"><path d=\"M172.268 501.67C26.97 291.031 0 269.413 0 192 0 85.961 85.961 0 192 0s192 85.961 192 192c0 77.413-26.97 99.031-172.268 309.67-9.535 13.774-29.93 13.773-39.464 0zM192 272c44.183 0 80-35.817 80-80s-35.817-80-80-80-80 35.817-80 80 35.817 80 80 80z\"><\/path><\/svg>\t\t\t\t\t\t<\/span>\n\t\t\t\t\t\t\t\t\t\t<span class=\"elementor-icon-list-text\">1620 Evangeline Road, Jennings, LA 70546<\/span>\n\t\t\t\t\t\t\t\t\t<\/li>\n\t\t\t\t\t\t\t\t<li class=\"elementor-icon-list-item\">\n\t\t\t\t\t\t\t\t\t\t\t<span class=\"elementor-icon-list-icon\">\n\t\t\t\t\t\t\t<svg aria-hidden=\"true\" class=\"e-font-icon-svg e-fas-phone-alt\" viewbox=\"0 0 512 512\" xmlns=\"http:\/\/www.w3.org\/2000\/svg\"><path d=\"M497.39 361.8l-112-48a24 24 0 0 0-28 6.9l-49.6 60.6A370.66 370.66 0 0 1 130.6 204.11l60.6-49.6a23.94 23.94 0 0 0 6.9-28l-48-112A24.16 24.16 0 0 0 122.6.61l-104 24A24 24 0 0 0 0 48c0 256.5 207.9 464 464 464a24 24 0 0 0 23.4-18.6l24-104a24.29 24.29 0 0 0-14.01-27.6z\"><\/path><\/svg>\t\t\t\t\t\t<\/span>\n\t\t\t\t\t\t\t\t\t\t<span class=\"elementor-icon-list-text\"><a href=\"tel:3372467094\">(337) 246-7094<\/a><\/span>\n\t\t\t\t\t\t\t\t\t<\/li>\n\t\t\t\t\t\t\t\t<li class=\"elementor-icon-list-item\">\n\t\t\t\t\t\t\t\t\t\t\t<span class=\"elementor-icon-list-icon\">\n\t\t\t\t\t\t\t<svg aria-hidden=\"true\" class=\"e-font-icon-svg e-fas-fax\" viewbox=\"0 0 512 512\" xmlns=\"http:\/\/www.w3.org\/2000\/svg\"><path d=\"M480 160V77.25a32 32 0 0 0-9.38-22.63L425.37 9.37A32 32 0 0 0 402.75 0H160a32 32 0 0 0-32 32v448a32 32 0 0 0 32 32h320a32 32 0 0 0 32-32V192a32 32 0 0 0-32-32zM288 432a16 16 0 0 1-16 16h-32a16 16 0 0 1-16-16v-32a16 16 0 0 1 16-16h32a16 16 0 0 1 16 16zm0-128a16 16 0 0 1-16 16h-32a16 16 0 0 1-16-16v-32a16 16 0 0 1 16-16h32a16 16 0 0 1 16 16zm128 128a16 16 0 0 1-16 16h-32a16 16 0 0 1-16-16v-32a16 16 0 0 1 16-16h32a16 16 0 0 1 16 16zm0-128a16 16 0 0 1-16 16h-32a16 16 0 0 1-16-16v-32a16 16 0 0 1 16-16h32a16 16 0 0 1 16 16zm0-112H192V64h160v48a16 16 0 0 0 16 16h48zM64 128H32a32 32 0 0 0-32 32v320a32 32 0 0 0 32 32h32a32 32 0 0 0 32-32V160a32 32 0 0 0-32-32z\"><\/path><\/svg>\t\t\t\t\t\t<\/span>\n\t\t\t\t\t\t\t\t\t\t<span class=\"elementor-icon-list-text\"><a href=\"tel:3372467096\">(337) 246-7096<\/a><\/span>\n\t\t\t\t\t\t\t\t\t<\/li>\n\t\t\t\t\t\t\t\t<li class=\"elementor-icon-list-item\">\n\t\t\t\t\t\t\t\t\t\t\t<span class=\"elementor-icon-list-icon\">\n\t\t\t\t\t\t\t<svg aria-hidden=\"true\" class=\"e-font-icon-svg e-fas-at\" viewbox=\"0 0 512 512\" xmlns=\"http:\/\/www.w3.org\/2000\/svg\"><path d=\"M256 8C118.941 8 8 118.919 8 256c0 137.059 110.919 248 248 248 48.154 0 95.342-14.14 135.408-40.223 12.005-7.815 14.625-24.288 5.552-35.372l-10.177-12.433c-7.671-9.371-21.179-11.667-31.373-5.129C325.92 429.757 291.314 440 256 440c-101.458 0-184-82.542-184-184S154.542 72 256 72c100.139 0 184 57.619 184 160 0 38.786-21.093 79.742-58.17 83.693-17.349-.454-16.91-12.857-13.476-30.024l23.433-121.11C394.653 149.75 383.308 136 368.225 136h-44.981a13.518 13.518 0 0 0-13.432 11.993l-.01.092c-14.697-17.901-40.448-21.775-59.971-21.775-74.58 0-137.831 62.234-137.831 151.46 0 65.303 36.785 105.87 96 105.87 26.984 0 57.369-15.637 74.991-38.333 9.522 34.104 40.613 34.103 70.71 34.103C462.609 379.41 504 307.798 504 232 504 95.653 394.023 8 256 8zm-21.68 304.43c-22.249 0-36.07-15.623-36.07-40.771 0-44.993 30.779-72.729 58.63-72.729 22.292 0 35.601 15.241 35.601 40.77 0 45.061-33.875 72.73-58.161 72.73z\"><\/path><\/svg>\t\t\t\t\t\t<\/span>\n\t\t\t\t\t\t\t\t\t\t<span class=\"elementor-icon-list-text\"><a href=\"mailto:swlvc@la.gov\">swlvc@la.gov<\/a><\/span>\n\t\t\t\t\t\t\t\t\t<\/li>\n\t\t\t\t\t\t<\/ul>\n\t\t\t\t\t\t<\/div>\n\t\t\t\t<\/div>\n\t\t\t\t<div class=\"elementor-element elementor-element-b3f870e elementor-view-stacked elementor-shape-circle elementor-widget elementor-widget-icon\" data-id=\"b3f870e\" data-element_type=\"widget\" data-widget_type=\"icon.default\">\n\t\t\t\t<div class=\"elementor-widget-container\">\n\t\t\t\t\t\t\t<div class=\"elementor-icon-wrapper\">\n\t\t\t<a class=\"elementor-icon elementor-animation-grow\" href=\"https:\/\/www.facebook.com\/SWLVC.la.gov\" target=\"_blank\" rel=\"noopener\">\n\t\t\t<svg aria-hidden=\"true\" class=\"e-font-icon-svg e-fab-facebook-f\" viewbox=\"0 0 320 512\" xmlns=\"http:\/\/www.w3.org\/2000\/svg\"><path d=\"M279.14 288l14.22-92.66h-88.91v-60.13c0-25.35 12.42-50.06 52.24-50.06h40.42V6.26S260.43 0 225.36 0c-73.22 0-121.08 44.38-121.08 124.72v70.62H22.89V288h81.39v224h100.17V288z\"><\/path><\/svg>\t\t\t<\/a>\n\t\t<\/div>\n\t\t\t\t\t\t<\/div>\n\t\t\t\t<\/div>\n\t\t\t\t\t<\/div>\n\t\t\t\t<\/div>\n\t\t\t\t<\/div>","protected":false},"excerpt":{"rendered":"<p>O Cemit\u00e9rio de Veteranos do Sudoeste da Louisiana ocupa 20 acres atr\u00e1s do Lar de Veteranos do Sudoeste da Louisiana* e \u00e9 o \u00fanico cemit\u00e9rio\u2026<\/p>","protected":false},"author":7,"featured_media":0,"parent":37,"menu_order":0,"comment_status":"closed","ping_status":"closed","template":"","meta":{"_acf_changed":false,"footnotes":"","_links_to":"","_links_to_target":""},"class_list":["post-72","page","type-page","status-publish","hentry"],"acf":[],"_links":{"self":[{"href":"https:\/\/vetaffairs.la.gov\/pt\/wp-json\/wp\/v2\/pages\/72","targetHints":{"allow":["GET"]}}],"collection":[{"href":"https:\/\/vetaffairs.la.gov\/pt\/wp-json\/wp\/v2\/pages"}],"about":[{"href":"https:\/\/vetaffairs.la.gov\/pt\/wp-json\/wp\/v2\/types\/page"}],"author":[{"embeddable":true,"href":"https:\/\/vetaffairs.la.gov\/pt\/wp-json\/wp\/v2\/users\/7"}],"replies":[{"embeddable":true,"href":"https:\/\/vetaffairs.la.gov\/pt\/wp-json\/wp\/v2\/comments?post=72"}],"version-history":[{"count":0,"href":"https:\/\/vetaffairs.la.gov\/pt\/wp-json\/wp\/v2\/pages\/72\/revisions"}],"up":[{"embeddable":true,"href":"https:\/\/vetaffairs.la.gov\/pt\/wp-json\/wp\/v2\/pages\/37"}],"wp:attachment":[{"href":"https:\/\/vetaffairs.la.gov\/pt\/wp-json\/wp\/v2\/media?parent=72"}],"curies":[{"name":"wp","href":"https:\/\/api.w.org\/{rel}","templated":true}]}}